{"id":1965,"date":"2021-02-02T14:09:42","date_gmt":"2021-02-02T13:09:42","guid":{"rendered":"https:\/\/commerces.clervaux.lu\/commerces\/ourdaller\/"},"modified":"2025-02-16T21:07:24","modified_gmt":"2025-02-16T20:07:24","slug":"ourdaller","status":"publish","type":"listing","link":"https:\/\/commerces.clervaux.lu\/de\/commerces\/ourdaller\/","title":{"rendered":"Ourdaller"},"content":{"rendered":"\n<p>Seit mehr als 25 Jahren bauen die Bauern aus dem Naturpark Our, Raps, Lein, Mohn, Hanf, Sonnenblumen, Senf und Buchweizen an. Nach der Ernte werden die K\u00f6rner in Kalborn gelagert und in unseren Werkst\u00e4tten zu hochwertigen Produkten veredelt:<\/p>\n\n\n\n<ul class=\"wp-block-list\"><li>5 Sorten kaltgepresstes Oel (Raps-, Sonnenblumen-, Lein-, Hanf-, und Mohn\u00f6l)<\/li><li>6 Sorten Senf (Classic, Scharf-Ancienne, Knoblauch, Estragon, Biergeschmack und S\u00fcssen)<\/li><li>Buchweizenmehl, Buchweizennudeln, Hanf- und Leinmehl<\/li><li>4 Sorten Tee (Hanfbl\u00fcten, Hanf-Fenchel, Hanf-Brennnessel, Hanf-Verbene)<\/li><li>&nbsp;Verschiedene Sorten K\u00f6rner, (Buchweizenk\u00f6rner, Hanfk\u00f6rner gesch\u00e4lt u. ungesch\u00e4lt, Leink\u00f6rner, Senfk\u00f6rner sowie Mohnk\u00f6rner)<\/li><li>Honig aus dem Ourtal in Zusammenarbeit mit den Imkern aus der Region.<\/li><\/ul>\n\n\n\n<p>Alle diese Produkte finden Sie in unserem Hofladen in Kalborn, sowie unter der Marke in vielen Superm\u00e4rkten des Landes.<\/p>\n","protected":false},"featured_media":0,"template":"","listing_category":[710,713],"listing_location":[643],"listing_tag":[792,1243],"class_list":["post-1965","listing","type-listing","status-publish","hentry","listing_category-handwerk","listing_category-lebensmittelgeschaft","listing_location-kalborn","listing_tag-fruits-et-legumes-de","listing_tag-produits-regionales-de"],"acf":{"location":{"address":"2 Am Eck, Kalborn, Luxembourg","lat":50.1023648,"lng":6.111479,"zoom":14,"place_id":"ChIJI0fHh3b2v0cR0YGRcJjIx9A","name":"2 Am Eck","street_number":"2","street_name":"Am Eck","city":"Kalborn","state":"Diekirch","post_code":"9757","country":"Luxembourg","country_short":"LU"},"phone":"+352 99 85 13  +352 691 99 85 13","email":"info@beo.lu","website":"https:\/\/www.ourdaller.lu\/","timings":"","gallery":[{"ID":1732,"id":1732,"title":"FlyerCorb","filename":"FlyerCorb.jpg","filesize":9550041,"url":"https:\/\/commerces.clervaux.lu\/wp-content\/uploads\/FlyerCorb.jpg","link":"https:\/\/commerces.clervaux.lu\/de\/commerces\/ourdaller\/flyercorb-2\/","alt":"","author":"2","description":"","caption":"","name":"flyercorb-2","status":"inherit","uploaded_to":1965,"date":"2021-02-24 12:07:31","modified":"2021-02-24 12:07:54","menu_order":0,"mime_type":"image\/jpeg","type":"image","subtype":"jpeg","icon":"https:\/\/commerces.clervaux.lu\/wp-includes\/images\/media\/default.png","width":2560,"height":1707,"sizes":{"thumbnail":"https:\/\/commerces.clervaux.lu\/wp-content\/uploads\/FlyerCorb-150x150.jpg","thumbnail-width":150,"thumbnail-height":150,"medium":"https:\/\/commerces.clervaux.lu\/wp-content\/uploads\/FlyerCorb-668x445.jpg","medium-width":668,"medium-height":445,"medium_large":"https:\/\/commerces.clervaux.lu\/wp-content\/uploads\/FlyerCorb-768x512.jpg","medium_large-width":768,"medium_large-height":512,"large":"https:\/\/commerces.clervaux.lu\/wp-content\/uploads\/FlyerCorb-1024x683.jpg","large-width":1024,"large-height":683,"1536x1536":"https:\/\/commerces.clervaux.lu\/wp-content\/uploads\/FlyerCorb-1536x1024.jpg","1536x1536-width":1536,"1536x1536-height":1024,"2048x2048":"https:\/\/commerces.clervaux.lu\/wp-content\/uploads\/FlyerCorb-2048x1365.jpg","2048x2048-width":2048,"2048x2048-height":1365,"landscape":"https:\/\/commerces.clervaux.lu\/wp-content\/uploads\/FlyerCorb-2000x1333.jpg","landscape-width":2000,"landscape-height":1333}},{"ID":1736,"id":1736,"title":"Medernach18-3 (2)","filename":"Medernach18-3-2.jpg","filesize":816805,"url":"https:\/\/commerces.clervaux.lu\/wp-content\/uploads\/Medernach18-3-2.jpg","link":"https:\/\/commerces.clervaux.lu\/de\/commerces\/ourdaller\/medernach18-3-2-2\/","alt":"","author":"2","description":"","caption":"","name":"medernach18-3-2-2","status":"inherit","uploaded_to":1965,"date":"2021-02-24 12:07:46","modified":"2021-02-24 12:07:46","menu_order":0,"mime_type":"image\/jpeg","type":"image","subtype":"jpeg","icon":"https:\/\/commerces.clervaux.lu\/wp-includes\/images\/media\/default.png","width":2560,"height":993,"sizes":{"thumbnail":"https:\/\/commerces.clervaux.lu\/wp-content\/uploads\/Medernach18-3-2-150x150.jpg","thumbnail-width":150,"thumbnail-height":150,"medium":"https:\/\/commerces.clervaux.lu\/wp-content\/uploads\/Medernach18-3-2-670x260.jpg","medium-width":670,"medium-height":260,"medium_large":"https:\/\/commerces.clervaux.lu\/wp-content\/uploads\/Medernach18-3-2-768x298.jpg","medium_large-width":768,"medium_large-height":298,"large":"https:\/\/commerces.clervaux.lu\/wp-content\/uploads\/Medernach18-3-2-1024x397.jpg","large-width":1024,"large-height":397,"1536x1536":"https:\/\/commerces.clervaux.lu\/wp-content\/uploads\/Medernach18-3-2-1536x596.jpg","1536x1536-width":1536,"1536x1536-height":596,"2048x2048":"https:\/\/commerces.clervaux.lu\/wp-content\/uploads\/Medernach18-3-2-2048x794.jpg","2048x2048-width":2048,"2048x2048-height":794,"landscape":"https:\/\/commerces.clervaux.lu\/wp-content\/uploads\/Medernach18-3-2-2000x775.jpg","landscape-width":2000,"landscape-height":775}},{"ID":1738,"id":1738,"title":"Ourdaller-boutique-4","filename":"Ourdaller-boutique-4.jpg","filesize":1516722,"url":"https:\/\/commerces.clervaux.lu\/wp-content\/uploads\/Ourdaller-boutique-4.jpg","link":"https:\/\/commerces.clervaux.lu\/de\/commerces\/ourdaller\/ourdaller-boutique-4-2\/","alt":"","author":"2","description":"","caption":"","name":"ourdaller-boutique-4-2","status":"inherit","uploaded_to":1965,"date":"2021-02-24 12:07:51","modified":"2021-02-24 12:07:51","menu_order":0,"mime_type":"image\/jpeg","type":"image","subtype":"jpeg","icon":"https:\/\/commerces.clervaux.lu\/wp-includes\/images\/media\/default.png","width":1400,"height":985,"sizes":{"thumbnail":"https:\/\/commerces.clervaux.lu\/wp-content\/uploads\/Ourdaller-boutique-4-150x150.jpg","thumbnail-width":150,"thumbnail-height":150,"medium":"https:\/\/commerces.clervaux.lu\/wp-content\/uploads\/Ourdaller-boutique-4-632x445.jpg","medium-width":632,"medium-height":445,"medium_large":"https:\/\/commerces.clervaux.lu\/wp-content\/uploads\/Ourdaller-boutique-4-768x540.jpg","medium_large-width":768,"medium_large-height":540,"large":"https:\/\/commerces.clervaux.lu\/wp-content\/uploads\/Ourdaller-boutique-4-1024x720.jpg","large-width":1024,"large-height":720,"1536x1536":"https:\/\/commerces.clervaux.lu\/wp-content\/uploads\/Ourdaller-boutique-4.jpg","1536x1536-width":1400,"1536x1536-height":985,"2048x2048":"https:\/\/commerces.clervaux.lu\/wp-content\/uploads\/Ourdaller-boutique-4.jpg","2048x2048-width":1400,"2048x2048-height":985,"landscape":"https:\/\/commerces.clervaux.lu\/wp-content\/uploads\/Ourdaller-boutique-4.jpg","landscape-width":1400,"landscape-height":985}}],"video":"<iframe title=\"Ourdaller\" src=\"https:\/\/player.vimeo.com\/video\/855271156?dnt=1&amp;app_id=122963\" width=\"640\" height=\"360\" frameborder=\"0\" allow=\"autoplay; fullscreen; picture-in-picture; clipboard-write; encrypted-media\"><\/iframe>","logo":{"ID":1733,"id":1733,"title":"Logo Ourdaller1","filename":"Logo-Ourdaller1.jpg","filesize":29133,"url":"https:\/\/commerces.clervaux.lu\/wp-content\/uploads\/Logo-Ourdaller1.jpg","link":"https:\/\/commerces.clervaux.lu\/de\/commerces\/ourdaller\/logo-ourdaller1\/","alt":"","author":"2","description":"","caption":"","name":"logo-ourdaller1","status":"inherit","uploaded_to":1491,"date":"2021-02-24 12:07:38","modified":"2021-02-24 12:07:38","menu_order":0,"mime_type":"image\/jpeg","type":"image","subtype":"jpeg","icon":"https:\/\/commerces.clervaux.lu\/wp-includes\/images\/media\/default.png","width":191,"height":72,"sizes":{"thumbnail":"https:\/\/commerces.clervaux.lu\/wp-content\/uploads\/Logo-Ourdaller1-150x72.jpg","thumbnail-width":150,"thumbnail-height":72,"medium":"https:\/\/commerces.clervaux.lu\/wp-content\/uploads\/Logo-Ourdaller1.jpg","medium-width":191,"medium-height":72,"medium_large":"https:\/\/commerces.clervaux.lu\/wp-content\/uploads\/Logo-Ourdaller1.jpg","medium_large-width":191,"medium_large-height":72,"large":"https:\/\/commerces.clervaux.lu\/wp-content\/uploads\/Logo-Ourdaller1.jpg","large-width":191,"large-height":72,"1536x1536":"https:\/\/commerces.clervaux.lu\/wp-content\/uploads\/Logo-Ourdaller1.jpg","1536x1536-width":191,"1536x1536-height":72,"2048x2048":"https:\/\/commerces.clervaux.lu\/wp-content\/uploads\/Logo-Ourdaller1.jpg","2048x2048-width":191,"2048x2048-height":72,"landscape":"https:\/\/commerces.clervaux.lu\/wp-content\/uploads\/Logo-Ourdaller1.jpg","landscape-width":191,"landscape-height":72}},"timings_v2":[{"day":"","slot":[{"value":""}]},{"day":"","slot":[{"value":""}]},{"day":"","slot":[{"value":""}]},{"day":"","slot":[{"value":""}]},{"day":"","slot":[{"value":""}]},{"day":"","slot":[{"value":""}]},{"day":"","slot":[{"value":""}]}]},"yoast_head":"<!-- This site is optimized with the Yoast SEO plugin v22.3 - https:\/\/yoast.com\/wordpress\/plugins\/seo\/ -->\n<title>Ourdaller - Administration Communale de Clervaux<\/title>\n<meta name=\"robots\" content=\"index, follow, max-snippet:-1, max-image-preview:large, max-video-preview:-1\" \/>\n<link rel=\"canonical\" href=\"https:\/\/commerces.clervaux.lu\/de\/commerces\/ourdaller\/\" \/>\n<meta property=\"og:locale\" content=\"de_DE\" \/>\n<meta property=\"og:type\" content=\"article\" \/>\n<meta property=\"og:title\" content=\"Ourdaller - Administration Communale de Clervaux\" \/>\n<meta property=\"og:description\" content=\"Seit mehr als 25 Jahren bauen die Bauern aus dem Naturpark Our, Raps, Lein, Mohn, Hanf, Sonnenblumen, Senf und Buchweizen [&hellip;]\" \/>\n<meta property=\"og:url\" content=\"https:\/\/commerces.clervaux.lu\/de\/commerces\/ourdaller\/\" \/>\n<meta property=\"og:site_name\" content=\"Administration Communale de Clervaux\" \/>\n<meta property=\"article:modified_time\" content=\"2025-02-16T20:07:24+00:00\" \/>\n<meta name=\"twitter:card\" content=\"summary_large_image\" \/>\n<meta name=\"twitter:label1\" content=\"Gesch\u00e4tzte Lesezeit\" \/>\n\t<meta name=\"twitter:data1\" content=\"1\u00a0Minute\" \/>\n<script type=\"application\/ld+json\" class=\"yoast-schema-graph\">{\"@context\":\"https:\/\/schema.org\",\"@graph\":[{\"@type\":\"WebPage\",\"@id\":\"https:\/\/commerces.clervaux.lu\/de\/commerces\/ourdaller\/\",\"url\":\"https:\/\/commerces.clervaux.lu\/de\/commerces\/ourdaller\/\",\"name\":\"Ourdaller - Administration Communale de Clervaux\",\"isPartOf\":{\"@id\":\"https:\/\/commerces.clervaux.lu\/de\/#website\"},\"datePublished\":\"2021-02-02T13:09:42+00:00\",\"dateModified\":\"2025-02-16T20:07:24+00:00\",\"breadcrumb\":{\"@id\":\"https:\/\/commerces.clervaux.lu\/de\/commerces\/ourdaller\/#breadcrumb\"},\"inLanguage\":\"de\",\"potentialAction\":[{\"@type\":\"ReadAction\",\"target\":[\"https:\/\/commerces.clervaux.lu\/de\/commerces\/ourdaller\/\"]}]},{\"@type\":\"BreadcrumbList\",\"@id\":\"https:\/\/commerces.clervaux.lu\/de\/commerces\/ourdaller\/#breadcrumb\",\"itemListElement\":[{\"@type\":\"ListItem\",\"position\":1,\"name\":\"Home\",\"item\":\"https:\/\/commerces.clervaux.lu\/de\/\"},{\"@type\":\"ListItem\",\"position\":2,\"name\":\"Commerces\",\"item\":\"https:\/\/commerces.clervaux.lu\/commerces\/\"},{\"@type\":\"ListItem\",\"position\":3,\"name\":\"Handwerk\",\"item\":\"https:\/\/commerces.clervaux.lu\/de\/type\/handwerk\/\"},{\"@type\":\"ListItem\",\"position\":4,\"name\":\"Ourdaller\"}]},{\"@type\":\"WebSite\",\"@id\":\"https:\/\/commerces.clervaux.lu\/de\/#website\",\"url\":\"https:\/\/commerces.clervaux.lu\/de\/\",\"name\":\"Administration Communale de Clervaux\",\"description\":\"Un site utilisant WordPress\",\"potentialAction\":[{\"@type\":\"SearchAction\",\"target\":{\"@type\":\"EntryPoint\",\"urlTemplate\":\"https:\/\/commerces.clervaux.lu\/de\/?s={search_term_string}\"},\"query-input\":\"required name=search_term_string\"}],\"inLanguage\":\"de\"}]}<\/script>\n<!-- \/ Yoast SEO plugin. -->","yoast_head_json":{"title":"Ourdaller - Administration Communale de Clervaux","robots":{"index":"index","follow":"follow","max-snippet":"max-snippet:-1","max-image-preview":"max-image-preview:large","max-video-preview":"max-video-preview:-1"},"canonical":"https:\/\/commerces.clervaux.lu\/de\/commerces\/ourdaller\/","og_locale":"de_DE","og_type":"article","og_title":"Ourdaller - Administration Communale de Clervaux","og_description":"Seit mehr als 25 Jahren bauen die Bauern aus dem Naturpark Our, Raps, Lein, Mohn, Hanf, Sonnenblumen, Senf und Buchweizen [&hellip;]","og_url":"https:\/\/commerces.clervaux.lu\/de\/commerces\/ourdaller\/","og_site_name":"Administration Communale de Clervaux","article_modified_time":"2025-02-16T20:07:24+00:00","twitter_card":"summary_large_image","twitter_misc":{"Gesch\u00e4tzte Lesezeit":"1\u00a0Minute"},"schema":{"@context":"https:\/\/schema.org","@graph":[{"@type":"WebPage","@id":"https:\/\/commerces.clervaux.lu\/de\/commerces\/ourdaller\/","url":"https:\/\/commerces.clervaux.lu\/de\/commerces\/ourdaller\/","name":"Ourdaller - Administration Communale de Clervaux","isPartOf":{"@id":"https:\/\/commerces.clervaux.lu\/de\/#website"},"datePublished":"2021-02-02T13:09:42+00:00","dateModified":"2025-02-16T20:07:24+00:00","breadcrumb":{"@id":"https:\/\/commerces.clervaux.lu\/de\/commerces\/ourdaller\/#breadcrumb"},"inLanguage":"de","potentialAction":[{"@type":"ReadAction","target":["https:\/\/commerces.clervaux.lu\/de\/commerces\/ourdaller\/"]}]},{"@type":"BreadcrumbList","@id":"https:\/\/commerces.clervaux.lu\/de\/commerces\/ourdaller\/#breadcrumb","itemListElement":[{"@type":"ListItem","position":1,"name":"Home","item":"https:\/\/commerces.clervaux.lu\/de\/"},{"@type":"ListItem","position":2,"name":"Commerces","item":"https:\/\/commerces.clervaux.lu\/commerces\/"},{"@type":"ListItem","position":3,"name":"Handwerk","item":"https:\/\/commerces.clervaux.lu\/de\/type\/handwerk\/"},{"@type":"ListItem","position":4,"name":"Ourdaller"}]},{"@type":"WebSite","@id":"https:\/\/commerces.clervaux.lu\/de\/#website","url":"https:\/\/commerces.clervaux.lu\/de\/","name":"Administration Communale de Clervaux","description":"Un site utilisant WordPress","potentialAction":[{"@type":"SearchAction","target":{"@type":"EntryPoint","urlTemplate":"https:\/\/commerces.clervaux.lu\/de\/?s={search_term_string}"},"query-input":"required name=search_term_string"}],"inLanguage":"de"}]}},"publishpress_future_action":{"enabled":false,"date":"2026-05-08 23:45:44","action":"draft","terms":[],"taxonomy":"listing_category"},"_links":{"self":[{"href":"https:\/\/commerces.clervaux.lu\/de\/wp-json\/wp\/v2\/listing\/1965","targetHints":{"allow":["GET"]}}],"collection":[{"href":"https:\/\/commerces.clervaux.lu\/de\/wp-json\/wp\/v2\/listing"}],"about":[{"href":"https:\/\/commerces.clervaux.lu\/de\/wp-json\/wp\/v2\/types\/listing"}],"wp:attachment":[{"href":"https:\/\/commerces.clervaux.lu\/de\/wp-json\/wp\/v2\/media?parent=1965"}],"wp:term":[{"taxonomy":"listing_category","embeddable":true,"href":"https:\/\/commerces.clervaux.lu\/de\/wp-json\/wp\/v2\/listing_category?post=1965"},{"taxonomy":"listing_location","embeddable":true,"href":"https:\/\/commerces.clervaux.lu\/de\/wp-json\/wp\/v2\/listing_location?post=1965"},{"taxonomy":"listing_tag","embeddable":true,"href":"https:\/\/commerces.clervaux.lu\/de\/wp-json\/wp\/v2\/listing_tag?post=1965"}],"curies":[{"name":"wp","href":"https:\/\/api.w.org\/{rel}","templated":true}]}}