{"id":2109,"date":"2020-03-11T11:46:11","date_gmt":"2020-03-11T10:46:11","guid":{"rendered":"https:\/\/commerces.clervaux.lu\/commerces\/electricite-bruckler-marc\/"},"modified":"2025-05-29T15:11:05","modified_gmt":"2025-05-29T13:11:05","slug":"electricite-bruckler-marc","status":"publish","type":"listing","link":"https:\/\/commerces.clervaux.lu\/de\/commerces\/electricite-bruckler-marc\/","title":{"rendered":"Electricit\u00e9 Bruckler Marc"},"content":{"rendered":"\n<p>Elektroinstallationen und allgemeine Elektrizit\u00e4t aller Art. Neuinstallationen, Kleininstallationen oder Renovierungen und Reparaturen.<\/p>\n\n\n\n<p>Gesch\u00e4ft f\u00fcr kleine und gro\u00dfe Haushaltsger\u00e4te, Fernseher, Waschmaschinen, W\u00e4schetrockner, K\u00fchlschr\u00e4nke, Gefrierschr\u00e4nke und das gesamte Sortiment an Einbauger\u00e4ten.<\/p>\n","protected":false},"featured_media":673,"template":"","listing_category":[712,710],"listing_location":[16],"listing_tag":[955,963,960,962,961,959,742,956,958,957],"class_list":["post-2109","listing","type-listing","status-publish","has-post-thumbnail","hentry","listing_category-dienstleistung","listing_category-handwerk","listing_location-clervaux","listing_tag-electricien-de","listing_tag-installations-electriques-de","listing_tag-congelateur-de","listing_tag-gros-electro-menager-de","listing_tag-petit-electro-menager-de","listing_tag-refrigerateur-de","listing_tag-reparation-de","listing_tag-tv-de","listing_tag-seche-linge-de","listing_tag-machines-a-laver-de"],"acf":{"location":{"address":"74, Grand-Rue, L-9711 Clervaux","lat":50.0560734,"lng":6.0288906,"zoom":14,"place_id":"ChIJZ0qm8VoIwEcRBb_7lgT9j10","street_number":"74","street_name":"Grand-Rue","city":"Clervaux","state":"Diekirch","post_code":"9711","country":"Luxembourg","country_short":"LU"},"phone":"+352 92 10 75","email":"info.bruckler@pt.lu","website":"https:\/\/www.bruckler.lu","timings":"MO\t08.00 - 12.00 \/ 13.00 - 18.00<br \/>\r\nDI\t08.00 - 12.00 \/ 13.00 - 18.00<br \/>\r\nMI\t08.00 - 12.00 \/ 13.00 - 18.00<br \/>\r\nDO\t08.00 - 12.00 \/ 13.00 - 18.00<br \/>\r\nFR\t08.00 - 12.00 \/ 13.00 - 18.00<br \/>\r\nSA\t09.00-12.00<br \/>\r\nSO\tGeschlossen<br \/>\r\n","gallery":false,"timings_v2":[{"day":"Montag","slot":[{"value":"08.00 - 12.00"},{"value":"13.00 - 18.00"}]},{"day":"Dienstag","slot":[{"value":"08.00 - 12.00"},{"value":"13.00 - 18.00"}]},{"day":"Mittwoch","slot":[{"value":"08.00 - 12.00"},{"value":"13.00 - 18.00"}]},{"day":"Donnerstag","slot":[{"value":"08.00 - 12.00"},{"value":"13.00 - 18.00"}]},{"day":"Freitag","slot":[{"value":"08.00 - 12.00"},{"value":"13.00 - 18.00"}]},{"day":"Samstag","slot":[{"value":"09.00-12.00"}]},{"day":"Sonntag","slot":[{"value":"Geschlossen"}]}],"logo":{"ID":669,"id":669,"title":"Electricite\u0301 Bruckler 2 COPY WEB -slider-electricien","filename":"Electricite\u0301-Bruckler-2-COPY-WEB-slider-electricien.jpg","filesize":93960,"url":"https:\/\/commerces.clervaux.lu\/wp-content\/uploads\/Electricite\u0301-Bruckler-2-COPY-WEB-slider-electricien.jpg","link":"https:\/\/commerces.clervaux.lu\/de\/commerces\/electricite-bruckler-marc\/electricite-bruckler-2-copy-web-slider-electricien-2\/","alt":"","author":"2","description":"","caption":"","name":"electricite-bruckler-2-copy-web-slider-electricien-2","status":"inherit","uploaded_to":2109,"date":"2020-04-23 07:14:34","modified":"2020-04-23 07:14:34","menu_order":0,"mime_type":"image\/jpeg","type":"image","subtype":"jpeg","icon":"https:\/\/commerces.clervaux.lu\/wp-includes\/images\/media\/default.png","width":940,"height":400,"sizes":{"thumbnail":"https:\/\/commerces.clervaux.lu\/wp-content\/uploads\/Electricite\u0301-Bruckler-2-COPY-WEB-slider-electricien-150x150.jpg","thumbnail-width":150,"thumbnail-height":150,"medium":"https:\/\/commerces.clervaux.lu\/wp-content\/uploads\/Electricite\u0301-Bruckler-2-COPY-WEB-slider-electricien-670x285.jpg","medium-width":670,"medium-height":285,"medium_large":"https:\/\/commerces.clervaux.lu\/wp-content\/uploads\/Electricite\u0301-Bruckler-2-COPY-WEB-slider-electricien-768x327.jpg","medium_large-width":768,"medium_large-height":327,"large":"https:\/\/commerces.clervaux.lu\/wp-content\/uploads\/Electricite\u0301-Bruckler-2-COPY-WEB-slider-electricien.jpg","large-width":940,"large-height":400,"1536x1536":"https:\/\/commerces.clervaux.lu\/wp-content\/uploads\/Electricite\u0301-Bruckler-2-COPY-WEB-slider-electricien.jpg","1536x1536-width":940,"1536x1536-height":400,"2048x2048":"https:\/\/commerces.clervaux.lu\/wp-content\/uploads\/Electricite\u0301-Bruckler-2-COPY-WEB-slider-electricien.jpg","2048x2048-width":940,"2048x2048-height":400,"landscape":"https:\/\/commerces.clervaux.lu\/wp-content\/uploads\/Electricite\u0301-Bruckler-2-COPY-WEB-slider-electricien.jpg","landscape-width":940,"landscape-height":400}},"video":""},"yoast_head":"<!-- This site is optimized with the Yoast SEO plugin v22.3 - https:\/\/yoast.com\/wordpress\/plugins\/seo\/ -->\n<title>Electricit\u00e9 Bruckler Marc - Administration Communale de Clervaux<\/title>\n<meta name=\"robots\" content=\"index, follow, max-snippet:-1, max-image-preview:large, max-video-preview:-1\" \/>\n<link rel=\"canonical\" href=\"https:\/\/commerces.clervaux.lu\/de\/commerces\/electricite-bruckler-marc\/\" \/>\n<meta property=\"og:locale\" content=\"de_DE\" \/>\n<meta property=\"og:type\" content=\"article\" \/>\n<meta property=\"og:title\" content=\"Electricit\u00e9 Bruckler Marc - Administration Communale de Clervaux\" \/>\n<meta property=\"og:description\" content=\"Elektroinstallationen und allgemeine Elektrizit\u00e4t aller Art. Neuinstallationen, Kleininstallationen oder Renovierungen und Reparaturen. Gesch\u00e4ft f\u00fcr kleine und gro\u00dfe Haushaltsger\u00e4te, Fernseher, Waschmaschinen, [&hellip;]\" \/>\n<meta property=\"og:url\" content=\"https:\/\/commerces.clervaux.lu\/de\/commerces\/electricite-bruckler-marc\/\" \/>\n<meta property=\"og:site_name\" content=\"Administration Communale de Clervaux\" \/>\n<meta property=\"article:modified_time\" content=\"2025-05-29T13:11:05+00:00\" \/>\n<meta property=\"og:image\" content=\"https:\/\/commerces.clervaux.lu\/wp-content\/uploads\/Electricite\u0301-Bruckler-4-COPY-WEB-3lm_gYjc3CGk5PCv31tF0JK1zERhLWE9JCAa5VhWYgxg4UcGEzeTlaKLa84ng3FRusIf2xzK-wCaFCbYVlYfi9jt9wrBWfVj3estbIrFXesHYepcOanIA9iZGiRnPhEnH5QU_ioLoQ.png\" \/>\n\t<meta property=\"og:image:width\" content=\"303\" \/>\n\t<meta property=\"og:image:height\" content=\"113\" \/>\n\t<meta property=\"og:image:type\" content=\"image\/png\" \/>\n<meta name=\"twitter:card\" content=\"summary_large_image\" \/>\n<script type=\"application\/ld+json\" class=\"yoast-schema-graph\">{\"@context\":\"https:\/\/schema.org\",\"@graph\":[{\"@type\":\"WebPage\",\"@id\":\"https:\/\/commerces.clervaux.lu\/de\/commerces\/electricite-bruckler-marc\/\",\"url\":\"https:\/\/commerces.clervaux.lu\/de\/commerces\/electricite-bruckler-marc\/\",\"name\":\"Electricit\u00e9 Bruckler Marc - Administration Communale de Clervaux\",\"isPartOf\":{\"@id\":\"https:\/\/commerces.clervaux.lu\/de\/#website\"},\"primaryImageOfPage\":{\"@id\":\"https:\/\/commerces.clervaux.lu\/de\/commerces\/electricite-bruckler-marc\/#primaryimage\"},\"image\":{\"@id\":\"https:\/\/commerces.clervaux.lu\/de\/commerces\/electricite-bruckler-marc\/#primaryimage\"},\"thumbnailUrl\":\"https:\/\/commerces.clervaux.lu\/wp-content\/uploads\/Electricite\u0301-Bruckler-4-COPY-WEB-3lm_gYjc3CGk5PCv31tF0JK1zERhLWE9JCAa5VhWYgxg4UcGEzeTlaKLa84ng3FRusIf2xzK-wCaFCbYVlYfi9jt9wrBWfVj3estbIrFXesHYepcOanIA9iZGiRnPhEnH5QU_ioLoQ.png\",\"datePublished\":\"2020-03-11T10:46:11+00:00\",\"dateModified\":\"2025-05-29T13:11:05+00:00\",\"breadcrumb\":{\"@id\":\"https:\/\/commerces.clervaux.lu\/de\/commerces\/electricite-bruckler-marc\/#breadcrumb\"},\"inLanguage\":\"de\",\"potentialAction\":[{\"@type\":\"ReadAction\",\"target\":[\"https:\/\/commerces.clervaux.lu\/de\/commerces\/electricite-bruckler-marc\/\"]}]},{\"@type\":\"ImageObject\",\"inLanguage\":\"de\",\"@id\":\"https:\/\/commerces.clervaux.lu\/de\/commerces\/electricite-bruckler-marc\/#primaryimage\",\"url\":\"https:\/\/commerces.clervaux.lu\/wp-content\/uploads\/Electricite\u0301-Bruckler-4-COPY-WEB-3lm_gYjc3CGk5PCv31tF0JK1zERhLWE9JCAa5VhWYgxg4UcGEzeTlaKLa84ng3FRusIf2xzK-wCaFCbYVlYfi9jt9wrBWfVj3estbIrFXesHYepcOanIA9iZGiRnPhEnH5QU_ioLoQ.png\",\"contentUrl\":\"https:\/\/commerces.clervaux.lu\/wp-content\/uploads\/Electricite\u0301-Bruckler-4-COPY-WEB-3lm_gYjc3CGk5PCv31tF0JK1zERhLWE9JCAa5VhWYgxg4UcGEzeTlaKLa84ng3FRusIf2xzK-wCaFCbYVlYfi9jt9wrBWfVj3estbIrFXesHYepcOanIA9iZGiRnPhEnH5QU_ioLoQ.png\",\"width\":303,\"height\":113},{\"@type\":\"BreadcrumbList\",\"@id\":\"https:\/\/commerces.clervaux.lu\/de\/commerces\/electricite-bruckler-marc\/#breadcrumb\",\"itemListElement\":[{\"@type\":\"ListItem\",\"position\":1,\"name\":\"Home\",\"item\":\"https:\/\/commerces.clervaux.lu\/de\/\"},{\"@type\":\"ListItem\",\"position\":2,\"name\":\"Commerces\",\"item\":\"https:\/\/commerces.clervaux.lu\/commerces\/\"},{\"@type\":\"ListItem\",\"position\":3,\"name\":\"Dienstleistung\",\"item\":\"https:\/\/commerces.clervaux.lu\/de\/type\/dienstleistung\/\"},{\"@type\":\"ListItem\",\"position\":4,\"name\":\"Electricit\u00e9 Bruckler Marc\"}]},{\"@type\":\"WebSite\",\"@id\":\"https:\/\/commerces.clervaux.lu\/de\/#website\",\"url\":\"https:\/\/commerces.clervaux.lu\/de\/\",\"name\":\"Administration Communale de Clervaux\",\"description\":\"Un site utilisant WordPress\",\"potentialAction\":[{\"@type\":\"SearchAction\",\"target\":{\"@type\":\"EntryPoint\",\"urlTemplate\":\"https:\/\/commerces.clervaux.lu\/de\/?s={search_term_string}\"},\"query-input\":\"required name=search_term_string\"}],\"inLanguage\":\"de\"}]}<\/script>\n<!-- \/ Yoast SEO plugin. -->","yoast_head_json":{"title":"Electricit\u00e9 Bruckler Marc - Administration Communale de Clervaux","robots":{"index":"index","follow":"follow","max-snippet":"max-snippet:-1","max-image-preview":"max-image-preview:large","max-video-preview":"max-video-preview:-1"},"canonical":"https:\/\/commerces.clervaux.lu\/de\/commerces\/electricite-bruckler-marc\/","og_locale":"de_DE","og_type":"article","og_title":"Electricit\u00e9 Bruckler Marc - Administration Communale de Clervaux","og_description":"Elektroinstallationen und allgemeine Elektrizit\u00e4t aller Art. Neuinstallationen, Kleininstallationen oder Renovierungen und Reparaturen. Gesch\u00e4ft f\u00fcr kleine und gro\u00dfe Haushaltsger\u00e4te, Fernseher, Waschmaschinen, [&hellip;]","og_url":"https:\/\/commerces.clervaux.lu\/de\/commerces\/electricite-bruckler-marc\/","og_site_name":"Administration Communale de Clervaux","article_modified_time":"2025-05-29T13:11:05+00:00","og_image":[{"width":303,"height":113,"url":"https:\/\/commerces.clervaux.lu\/wp-content\/uploads\/Electricite\u0301-Bruckler-4-COPY-WEB-3lm_gYjc3CGk5PCv31tF0JK1zERhLWE9JCAa5VhWYgxg4UcGEzeTlaKLa84ng3FRusIf2xzK-wCaFCbYVlYfi9jt9wrBWfVj3estbIrFXesHYepcOanIA9iZGiRnPhEnH5QU_ioLoQ.png","type":"image\/png"}],"twitter_card":"summary_large_image","schema":{"@context":"https:\/\/schema.org","@graph":[{"@type":"WebPage","@id":"https:\/\/commerces.clervaux.lu\/de\/commerces\/electricite-bruckler-marc\/","url":"https:\/\/commerces.clervaux.lu\/de\/commerces\/electricite-bruckler-marc\/","name":"Electricit\u00e9 Bruckler Marc - Administration Communale de Clervaux","isPartOf":{"@id":"https:\/\/commerces.clervaux.lu\/de\/#website"},"primaryImageOfPage":{"@id":"https:\/\/commerces.clervaux.lu\/de\/commerces\/electricite-bruckler-marc\/#primaryimage"},"image":{"@id":"https:\/\/commerces.clervaux.lu\/de\/commerces\/electricite-bruckler-marc\/#primaryimage"},"thumbnailUrl":"https:\/\/commerces.clervaux.lu\/wp-content\/uploads\/Electricite\u0301-Bruckler-4-COPY-WEB-3lm_gYjc3CGk5PCv31tF0JK1zERhLWE9JCAa5VhWYgxg4UcGEzeTlaKLa84ng3FRusIf2xzK-wCaFCbYVlYfi9jt9wrBWfVj3estbIrFXesHYepcOanIA9iZGiRnPhEnH5QU_ioLoQ.png","datePublished":"2020-03-11T10:46:11+00:00","dateModified":"2025-05-29T13:11:05+00:00","breadcrumb":{"@id":"https:\/\/commerces.clervaux.lu\/de\/commerces\/electricite-bruckler-marc\/#breadcrumb"},"inLanguage":"de","potentialAction":[{"@type":"ReadAction","target":["https:\/\/commerces.clervaux.lu\/de\/commerces\/electricite-bruckler-marc\/"]}]},{"@type":"ImageObject","inLanguage":"de","@id":"https:\/\/commerces.clervaux.lu\/de\/commerces\/electricite-bruckler-marc\/#primaryimage","url":"https:\/\/commerces.clervaux.lu\/wp-content\/uploads\/Electricite\u0301-Bruckler-4-COPY-WEB-3lm_gYjc3CGk5PCv31tF0JK1zERhLWE9JCAa5VhWYgxg4UcGEzeTlaKLa84ng3FRusIf2xzK-wCaFCbYVlYfi9jt9wrBWfVj3estbIrFXesHYepcOanIA9iZGiRnPhEnH5QU_ioLoQ.png","contentUrl":"https:\/\/commerces.clervaux.lu\/wp-content\/uploads\/Electricite\u0301-Bruckler-4-COPY-WEB-3lm_gYjc3CGk5PCv31tF0JK1zERhLWE9JCAa5VhWYgxg4UcGEzeTlaKLa84ng3FRusIf2xzK-wCaFCbYVlYfi9jt9wrBWfVj3estbIrFXesHYepcOanIA9iZGiRnPhEnH5QU_ioLoQ.png","width":303,"height":113},{"@type":"BreadcrumbList","@id":"https:\/\/commerces.clervaux.lu\/de\/commerces\/electricite-bruckler-marc\/#breadcrumb","itemListElement":[{"@type":"ListItem","position":1,"name":"Home","item":"https:\/\/commerces.clervaux.lu\/de\/"},{"@type":"ListItem","position":2,"name":"Commerces","item":"https:\/\/commerces.clervaux.lu\/commerces\/"},{"@type":"ListItem","position":3,"name":"Dienstleistung","item":"https:\/\/commerces.clervaux.lu\/de\/type\/dienstleistung\/"},{"@type":"ListItem","position":4,"name":"Electricit\u00e9 Bruckler Marc"}]},{"@type":"WebSite","@id":"https:\/\/commerces.clervaux.lu\/de\/#website","url":"https:\/\/commerces.clervaux.lu\/de\/","name":"Administration Communale de Clervaux","description":"Un site utilisant WordPress","potentialAction":[{"@type":"SearchAction","target":{"@type":"EntryPoint","urlTemplate":"https:\/\/commerces.clervaux.lu\/de\/?s={search_term_string}"},"query-input":"required name=search_term_string"}],"inLanguage":"de"}]}},"publishpress_future_action":{"enabled":false,"date":"2026-05-08 23:23:57","action":"draft","terms":[],"taxonomy":"listing_category"},"_links":{"self":[{"href":"https:\/\/commerces.clervaux.lu\/de\/wp-json\/wp\/v2\/listing\/2109","targetHints":{"allow":["GET"]}}],"collection":[{"href":"https:\/\/commerces.clervaux.lu\/de\/wp-json\/wp\/v2\/listing"}],"about":[{"href":"https:\/\/commerces.clervaux.lu\/de\/wp-json\/wp\/v2\/types\/listing"}],"wp:featuredmedia":[{"embeddable":true,"href":"https:\/\/commerces.clervaux.lu\/de\/wp-json\/wp\/v2\/media\/673"}],"wp:attachment":[{"href":"https:\/\/commerces.clervaux.lu\/de\/wp-json\/wp\/v2\/media?parent=2109"}],"wp:term":[{"taxonomy":"listing_category","embeddable":true,"href":"https:\/\/commerces.clervaux.lu\/de\/wp-json\/wp\/v2\/listing_category?post=2109"},{"taxonomy":"listing_location","embeddable":true,"href":"https:\/\/commerces.clervaux.lu\/de\/wp-json\/wp\/v2\/listing_location?post=2109"},{"taxonomy":"listing_tag","embeddable":true,"href":"https:\/\/commerces.clervaux.lu\/de\/wp-json\/wp\/v2\/listing_tag?post=2109"}],"curies":[{"name":"wp","href":"https:\/\/api.w.org\/{rel}","templated":true}]}}