{"id":2114,"date":"2020-03-11T11:18:29","date_gmt":"2020-03-11T10:18:29","guid":{"rendered":"https:\/\/commerces.clervaux.lu\/commerces\/coiffure-andre-schmit\/"},"modified":"2025-05-25T22:51:38","modified_gmt":"2025-05-25T20:51:38","slug":"coiffure-andre-schmit","status":"publish","type":"listing","link":"https:\/\/commerces.clervaux.lu\/de\/commerces\/coiffure-andre-schmit\/","title":{"rendered":"Friseursalon Andr\u00e9 Schmit"},"content":{"rendered":"\n<p>Lassen Sie sich in Clerf von der eleganten Welt von Coiffure Andr\u00e9 Schmit verzaubern. Trendige Frisuren f\u00fcr Damen, Herren und Kinder, hochwertige Haarf\u00e4rbungen und Pflegeprodukte von K\u00e9rastase, Sch\u00f6nheitsbehandlungen und Frisuren f\u00fcr besondere Anl\u00e4sse. <\/p>\n","protected":false},"featured_media":4785,"template":"","listing_category":[712,710],"listing_location":[16],"listing_tag":[908,906,909,913,911,907,910,912],"class_list":["post-2114","listing","type-listing","status-publish","has-post-thumbnail","hentry","listing_category-dienstleistung","listing_category-handwerk","listing_location-clervaux","listing_tag-epilation-de","listing_tag-coiffeur-de","listing_tag-coiffure-de","listing_tag-kerastase-de","listing_tag-maquillage-de","listing_tag-make-up-de","listing_tag-manucure-de","listing_tag-vente-de-soins-capillaires-de"],"acf":{"location":{"address":"24, Grand-Rue L- 9710 Clervaux","lat":50.0536934,"lng":6.0311784,"zoom":14,"place_id":"ChIJo3ewtUQIwEcRvtJdZleYymk","street_number":"24","street_name":"Grand-Rue","city":"Clervaux","state":"Diekirch","post_code":"9710","country":"Luxembourg","country_short":"LU"},"phone":"+352 92 10 53","email":"schmita1@hotmail.com","website":"https:\/\/www.haute-coiffure.lu","timings":"MO\tGeschlossen<br \/>\r\nDI\t08.00 - 12.00 \/ 13.30 - 17.30<br \/>\r\nMI\t08.00 - 12.00 \/ 13.30 - 17.30<br \/>\r\nDO\t08.00 - 12.00 \/ 13.30 - 17.30<br \/>\r\nFR\t08.00 - 17.00           <br \/>\r\nSA\t08.00 - 16.00<br \/>\r\nSO\tGeschlossen<br \/>\r\n","gallery":false,"logo":{"ID":591,"id":591,"title":"Coiffeur Andre\u0301 Schmit 2 COPY WEB sj-9H-r9UZo-EjNqtySWXJFG","filename":"Coiffeur-Andre\u0301-Schmit-2-COPY-WEB-sj-9H-r9UZo-EjNqtySWXJFG.jpg","filesize":70522,"url":"https:\/\/commerces.clervaux.lu\/wp-content\/uploads\/Coiffeur-Andre\u0301-Schmit-2-COPY-WEB-sj-9H-r9UZo-EjNqtySWXJFG.jpg","link":"https:\/\/commerces.clervaux.lu\/de\/commerces\/coiffure-andre-schmit\/coiffeur-andre-schmit-2-copy-web-sj-9h-r9uzo-ejnqtyswxjfg-2\/","alt":"","author":"2","description":"","caption":"","name":"coiffeur-andre-schmit-2-copy-web-sj-9h-r9uzo-ejnqtyswxjfg-2","status":"inherit","uploaded_to":2114,"date":"2020-04-22 13:20:03","modified":"2020-04-22 13:20:03","menu_order":0,"mime_type":"image\/jpeg","type":"image","subtype":"jpeg","icon":"https:\/\/commerces.clervaux.lu\/wp-includes\/images\/media\/default.png","width":1040,"height":800,"sizes":{"thumbnail":"https:\/\/commerces.clervaux.lu\/wp-content\/uploads\/Coiffeur-Andre\u0301-Schmit-2-COPY-WEB-sj-9H-r9UZo-EjNqtySWXJFG-150x150.jpg","thumbnail-width":150,"thumbnail-height":150,"medium":"https:\/\/commerces.clervaux.lu\/wp-content\/uploads\/Coiffeur-Andre\u0301-Schmit-2-COPY-WEB-sj-9H-r9UZo-EjNqtySWXJFG-579x445.jpg","medium-width":579,"medium-height":445,"medium_large":"https:\/\/commerces.clervaux.lu\/wp-content\/uploads\/Coiffeur-Andre\u0301-Schmit-2-COPY-WEB-sj-9H-r9UZo-EjNqtySWXJFG-768x591.jpg","medium_large-width":768,"medium_large-height":591,"large":"https:\/\/commerces.clervaux.lu\/wp-content\/uploads\/Coiffeur-Andre\u0301-Schmit-2-COPY-WEB-sj-9H-r9UZo-EjNqtySWXJFG-1024x788.jpg","large-width":1024,"large-height":788,"1536x1536":"https:\/\/commerces.clervaux.lu\/wp-content\/uploads\/Coiffeur-Andre\u0301-Schmit-2-COPY-WEB-sj-9H-r9UZo-EjNqtySWXJFG.jpg","1536x1536-width":1040,"1536x1536-height":800,"2048x2048":"https:\/\/commerces.clervaux.lu\/wp-content\/uploads\/Coiffeur-Andre\u0301-Schmit-2-COPY-WEB-sj-9H-r9UZo-EjNqtySWXJFG.jpg","2048x2048-width":1040,"2048x2048-height":800,"landscape":"https:\/\/commerces.clervaux.lu\/wp-content\/uploads\/Coiffeur-Andre\u0301-Schmit-2-COPY-WEB-sj-9H-r9UZo-EjNqtySWXJFG.jpg","landscape-width":1040,"landscape-height":800}},"video":"<iframe title=\"Coiffure Andr\u00e9 Schmit\" src=\"https:\/\/player.vimeo.com\/video\/855271716?dnt=1&amp;app_id=122963\" width=\"640\" height=\"360\" frameborder=\"0\" allow=\"autoplay; fullscreen; picture-in-picture; clipboard-write; encrypted-media; web-share\"><\/iframe>","timings_v2":[{"day":"Montag","slot":[{"value":"Geschlossen"}]},{"day":"Dienstag","slot":[{"value":"08.00 - 12.00"},{"value":"13.30 - 17.30"}]},{"day":"Mittwoch","slot":[{"value":"08.00 - 12.00"},{"value":"13.30 - 17.30"}]},{"day":"Donnerstag","slot":[{"value":"08.00 - 12.00"},{"value":"13.30 - 17.30"}]},{"day":"Freitag","slot":[{"value":"08.00 - 17.00"}]},{"day":"Samstag","slot":[{"value":"08.00 - 16.00"}]},{"day":"Sonntag","slot":[{"value":"Geschlossen"}]}]},"yoast_head":"<!-- This site is optimized with the Yoast SEO plugin v22.3 - https:\/\/yoast.com\/wordpress\/plugins\/seo\/ -->\n<title>Friseursalon Andr\u00e9 Schmit - Administration Communale de Clervaux<\/title>\n<meta name=\"robots\" content=\"index, follow, max-snippet:-1, max-image-preview:large, max-video-preview:-1\" \/>\n<link rel=\"canonical\" href=\"https:\/\/commerces.clervaux.lu\/de\/commerces\/coiffure-andre-schmit\/\" \/>\n<meta property=\"og:locale\" content=\"de_DE\" \/>\n<meta property=\"og:type\" content=\"article\" \/>\n<meta property=\"og:title\" content=\"Friseursalon Andr\u00e9 Schmit - Administration Communale de Clervaux\" \/>\n<meta property=\"og:description\" content=\"Lassen Sie sich in Clerf von der eleganten Welt von Coiffure Andr\u00e9 Schmit verzaubern. Trendige Frisuren f\u00fcr Damen, Herren und [&hellip;]\" \/>\n<meta property=\"og:url\" content=\"https:\/\/commerces.clervaux.lu\/de\/commerces\/coiffure-andre-schmit\/\" \/>\n<meta property=\"og:site_name\" content=\"Administration Communale de Clervaux\" \/>\n<meta property=\"article:modified_time\" content=\"2025-05-25T20:51:38+00:00\" \/>\n<meta property=\"og:image\" content=\"https:\/\/commerces.clervaux.lu\/wp-content\/uploads\/Logo-Andre-Schmit.jpeg\" \/>\n\t<meta property=\"og:image:width\" content=\"427\" \/>\n\t<meta property=\"og:image:height\" content=\"118\" \/>\n\t<meta property=\"og:image:type\" content=\"image\/jpeg\" \/>\n<meta name=\"twitter:card\" content=\"summary_large_image\" \/>\n<script type=\"application\/ld+json\" class=\"yoast-schema-graph\">{\"@context\":\"https:\/\/schema.org\",\"@graph\":[{\"@type\":\"WebPage\",\"@id\":\"https:\/\/commerces.clervaux.lu\/de\/commerces\/coiffure-andre-schmit\/\",\"url\":\"https:\/\/commerces.clervaux.lu\/de\/commerces\/coiffure-andre-schmit\/\",\"name\":\"Friseursalon Andr\u00e9 Schmit - Administration Communale de Clervaux\",\"isPartOf\":{\"@id\":\"https:\/\/commerces.clervaux.lu\/de\/#website\"},\"primaryImageOfPage\":{\"@id\":\"https:\/\/commerces.clervaux.lu\/de\/commerces\/coiffure-andre-schmit\/#primaryimage\"},\"image\":{\"@id\":\"https:\/\/commerces.clervaux.lu\/de\/commerces\/coiffure-andre-schmit\/#primaryimage\"},\"thumbnailUrl\":\"https:\/\/commerces.clervaux.lu\/wp-content\/uploads\/Logo-Andre-Schmit.jpeg\",\"datePublished\":\"2020-03-11T10:18:29+00:00\",\"dateModified\":\"2025-05-25T20:51:38+00:00\",\"breadcrumb\":{\"@id\":\"https:\/\/commerces.clervaux.lu\/de\/commerces\/coiffure-andre-schmit\/#breadcrumb\"},\"inLanguage\":\"de\",\"potentialAction\":[{\"@type\":\"ReadAction\",\"target\":[\"https:\/\/commerces.clervaux.lu\/de\/commerces\/coiffure-andre-schmit\/\"]}]},{\"@type\":\"ImageObject\",\"inLanguage\":\"de\",\"@id\":\"https:\/\/commerces.clervaux.lu\/de\/commerces\/coiffure-andre-schmit\/#primaryimage\",\"url\":\"https:\/\/commerces.clervaux.lu\/wp-content\/uploads\/Logo-Andre-Schmit.jpeg\",\"contentUrl\":\"https:\/\/commerces.clervaux.lu\/wp-content\/uploads\/Logo-Andre-Schmit.jpeg\",\"width\":427,\"height\":118},{\"@type\":\"BreadcrumbList\",\"@id\":\"https:\/\/commerces.clervaux.lu\/de\/commerces\/coiffure-andre-schmit\/#breadcrumb\",\"itemListElement\":[{\"@type\":\"ListItem\",\"position\":1,\"name\":\"Home\",\"item\":\"https:\/\/commerces.clervaux.lu\/de\/\"},{\"@type\":\"ListItem\",\"position\":2,\"name\":\"Commerces\",\"item\":\"https:\/\/commerces.clervaux.lu\/commerces\/\"},{\"@type\":\"ListItem\",\"position\":3,\"name\":\"Dienstleistung\",\"item\":\"https:\/\/commerces.clervaux.lu\/de\/type\/dienstleistung\/\"},{\"@type\":\"ListItem\",\"position\":4,\"name\":\"Friseursalon Andr\u00e9 Schmit\"}]},{\"@type\":\"WebSite\",\"@id\":\"https:\/\/commerces.clervaux.lu\/de\/#website\",\"url\":\"https:\/\/commerces.clervaux.lu\/de\/\",\"name\":\"Administration Communale de Clervaux\",\"description\":\"Un site utilisant WordPress\",\"potentialAction\":[{\"@type\":\"SearchAction\",\"target\":{\"@type\":\"EntryPoint\",\"urlTemplate\":\"https:\/\/commerces.clervaux.lu\/de\/?s={search_term_string}\"},\"query-input\":\"required name=search_term_string\"}],\"inLanguage\":\"de\"}]}<\/script>\n<!-- \/ Yoast SEO plugin. -->","yoast_head_json":{"title":"Friseursalon Andr\u00e9 Schmit - Administration Communale de Clervaux","robots":{"index":"index","follow":"follow","max-snippet":"max-snippet:-1","max-image-preview":"max-image-preview:large","max-video-preview":"max-video-preview:-1"},"canonical":"https:\/\/commerces.clervaux.lu\/de\/commerces\/coiffure-andre-schmit\/","og_locale":"de_DE","og_type":"article","og_title":"Friseursalon Andr\u00e9 Schmit - Administration Communale de Clervaux","og_description":"Lassen Sie sich in Clerf von der eleganten Welt von Coiffure Andr\u00e9 Schmit verzaubern. Trendige Frisuren f\u00fcr Damen, Herren und [&hellip;]","og_url":"https:\/\/commerces.clervaux.lu\/de\/commerces\/coiffure-andre-schmit\/","og_site_name":"Administration Communale de Clervaux","article_modified_time":"2025-05-25T20:51:38+00:00","og_image":[{"width":427,"height":118,"url":"https:\/\/commerces.clervaux.lu\/wp-content\/uploads\/Logo-Andre-Schmit.jpeg","type":"image\/jpeg"}],"twitter_card":"summary_large_image","schema":{"@context":"https:\/\/schema.org","@graph":[{"@type":"WebPage","@id":"https:\/\/commerces.clervaux.lu\/de\/commerces\/coiffure-andre-schmit\/","url":"https:\/\/commerces.clervaux.lu\/de\/commerces\/coiffure-andre-schmit\/","name":"Friseursalon Andr\u00e9 Schmit - Administration Communale de Clervaux","isPartOf":{"@id":"https:\/\/commerces.clervaux.lu\/de\/#website"},"primaryImageOfPage":{"@id":"https:\/\/commerces.clervaux.lu\/de\/commerces\/coiffure-andre-schmit\/#primaryimage"},"image":{"@id":"https:\/\/commerces.clervaux.lu\/de\/commerces\/coiffure-andre-schmit\/#primaryimage"},"thumbnailUrl":"https:\/\/commerces.clervaux.lu\/wp-content\/uploads\/Logo-Andre-Schmit.jpeg","datePublished":"2020-03-11T10:18:29+00:00","dateModified":"2025-05-25T20:51:38+00:00","breadcrumb":{"@id":"https:\/\/commerces.clervaux.lu\/de\/commerces\/coiffure-andre-schmit\/#breadcrumb"},"inLanguage":"de","potentialAction":[{"@type":"ReadAction","target":["https:\/\/commerces.clervaux.lu\/de\/commerces\/coiffure-andre-schmit\/"]}]},{"@type":"ImageObject","inLanguage":"de","@id":"https:\/\/commerces.clervaux.lu\/de\/commerces\/coiffure-andre-schmit\/#primaryimage","url":"https:\/\/commerces.clervaux.lu\/wp-content\/uploads\/Logo-Andre-Schmit.jpeg","contentUrl":"https:\/\/commerces.clervaux.lu\/wp-content\/uploads\/Logo-Andre-Schmit.jpeg","width":427,"height":118},{"@type":"BreadcrumbList","@id":"https:\/\/commerces.clervaux.lu\/de\/commerces\/coiffure-andre-schmit\/#breadcrumb","itemListElement":[{"@type":"ListItem","position":1,"name":"Home","item":"https:\/\/commerces.clervaux.lu\/de\/"},{"@type":"ListItem","position":2,"name":"Commerces","item":"https:\/\/commerces.clervaux.lu\/commerces\/"},{"@type":"ListItem","position":3,"name":"Dienstleistung","item":"https:\/\/commerces.clervaux.lu\/de\/type\/dienstleistung\/"},{"@type":"ListItem","position":4,"name":"Friseursalon Andr\u00e9 Schmit"}]},{"@type":"WebSite","@id":"https:\/\/commerces.clervaux.lu\/de\/#website","url":"https:\/\/commerces.clervaux.lu\/de\/","name":"Administration Communale de Clervaux","description":"Un site utilisant WordPress","potentialAction":[{"@type":"SearchAction","target":{"@type":"EntryPoint","urlTemplate":"https:\/\/commerces.clervaux.lu\/de\/?s={search_term_string}"},"query-input":"required name=search_term_string"}],"inLanguage":"de"}]}},"publishpress_future_action":{"enabled":false,"date":"2026-05-08 23:45:36","action":"draft","terms":[],"taxonomy":"listing_category"},"_links":{"self":[{"href":"https:\/\/commerces.clervaux.lu\/de\/wp-json\/wp\/v2\/listing\/2114","targetHints":{"allow":["GET"]}}],"collection":[{"href":"https:\/\/commerces.clervaux.lu\/de\/wp-json\/wp\/v2\/listing"}],"about":[{"href":"https:\/\/commerces.clervaux.lu\/de\/wp-json\/wp\/v2\/types\/listing"}],"wp:featuredmedia":[{"embeddable":true,"href":"https:\/\/commerces.clervaux.lu\/de\/wp-json\/wp\/v2\/media\/4785"}],"wp:attachment":[{"href":"https:\/\/commerces.clervaux.lu\/de\/wp-json\/wp\/v2\/media?parent=2114"}],"wp:term":[{"taxonomy":"listing_category","embeddable":true,"href":"https:\/\/commerces.clervaux.lu\/de\/wp-json\/wp\/v2\/listing_category?post=2114"},{"taxonomy":"listing_location","embeddable":true,"href":"https:\/\/commerces.clervaux.lu\/de\/wp-json\/wp\/v2\/listing_location?post=2114"},{"taxonomy":"listing_tag","embeddable":true,"href":"https:\/\/commerces.clervaux.lu\/de\/wp-json\/wp\/v2\/listing_tag?post=2114"}],"curies":[{"name":"wp","href":"https:\/\/api.w.org\/{rel}","templated":true}]}}